{"id":7074,"date":"2023-10-18T15:57:08","date_gmt":"2023-10-18T13:57:08","guid":{"rendered":"https:\/\/campinglespresduverdon.com\/engagements-camping-montaigut-le-blanc\/"},"modified":"2024-05-31T10:01:36","modified_gmt":"2024-05-31T08:01:36","slug":"camping-commitments-montaigut-le-blanc","status":"publish","type":"page","link":"http:\/\/campinglespresduverdon.com\/en\/camping-commitments-montaigut-le-blanc\/","title":{"rendered":"Commitments"},"content":{"rendered":"\n<div class=\"wp-block-group is-style-default is-layout-constrained wp-block-group-is-layout-constrained\">\n<h1 class=\"wp-block-heading has-text-align-center has-link-color-color has-text-color\" style=\"margin-top:var(--wp--preset--spacing--80);margin-right:var(--wp--preset--spacing--80);margin-bottom:var(--wp--preset--spacing--80);margin-left:var(--wp--preset--spacing--80)\">Environmentally-friendly camping in Puy-de-D\u00f4me<\/h1>\n<\/div>\n\n<div class=\"wp-block-group is-layout-constrained wp-container-core-group-is-layout-93950730 wp-block-group-is-layout-constrained\" style=\"margin-top:0;margin-bottom:0;padding-top:var(--wp--preset--spacing--80);padding-bottom:var(--wp--preset--spacing--80)\">\n<div class=\"wp-block-columns is-layout-flex wp-container-core-columns-is-layout-08c01c1c wp-block-columns-is-layout-flex\">\n<div class=\"wp-block-column is-vertically-aligned-top is-layout-flow wp-container-core-column-is-layout-119bc444 wp-block-column-is-layout-flow\" style=\"flex-basis:60%\">\n<figure class=\"wp-block-image size-full has-custom-border alignfull overflow-hidden\"><a href=\"https:\/\/campinglespresduverdon.com\/wp-content\/uploads\/sites\/60\/2023\/10\/vue-auvergne.webp\"><img decoding=\"async\" width=\"1200\" height=\"800\" sizes=\"(max-width: min(calc(100% - 15vw), 1200px)) 100vw, min(calc(100% - 15vw), 1200px)\" src=\"https:\/\/campinglespresduverdon.com\/wp-content\/uploads\/sites\/60\/2023\/10\/vue-auvergne.webp\" alt=\"auvergne view\" class=\"wp-image-6870\" style=\"border-top-left-radius:2rem;border-top-right-radius:2rem;border-bottom-left-radius:2rem\" srcset=\"http:\/\/campinglespresduverdon.com\/wp-content\/uploads\/sites\/60\/2023\/10\/vue-auvergne.webp 1200w, http:\/\/campinglespresduverdon.com\/wp-content\/uploads\/sites\/60\/2023\/10\/vue-auvergne-300x200.webp 300w, http:\/\/campinglespresduverdon.com\/wp-content\/uploads\/sites\/60\/2023\/10\/vue-auvergne-1024x683.webp 1024w, http:\/\/campinglespresduverdon.com\/wp-content\/uploads\/sites\/60\/2023\/10\/vue-auvergne-768x512.webp 768w\" \/><\/a><\/figure>\n<\/div>\n\n\n\n<div class=\"wp-block-column is-vertically-aligned-center is-layout-flow wp-block-column-is-layout-flow\" style=\"flex-basis:40%\">\n<div class=\"wp-block-group is-layout-flow wp-block-group-is-layout-flow\" style=\"padding-right:var(--wp--preset--spacing--40);padding-bottom:0;padding-left:var(--wp--preset--spacing--40)\">\n<h2 class=\"wp-block-heading\">The camping&#8217;s ecological approach<\/h2>\n\n\n\n<p>Our Bel air Village Le Pr\u00e9 campsite, nestled in the natural setting of the Puy-de-D\u00f4me, not far from Murol, is committed every day to <strong>preserving our sublime environment<\/strong>.  <\/p>\n\n\n\n<p>We make it a point of honor to introduce <strong>practical, everyday practices<\/strong> that respect our natural environment. In this respect, <strong>sorting bio-waste<\/strong> is now part of our routine to reduce our environmental impact, and we are resolutely moving forward in this direction to <strong>raise awareness among <\/strong>both our team and our valued visitors.<\/p>\n\n\n\n<p>We have also upgraded our equipment, investing over the past twelve months in electrical appliances that are not only modern, but also <strong>energy and water efficient<\/strong>. These acquisitions enable us to considerably reduce our ecological footprint.  <\/p>\n\n\n\n<p>Choisir de s\u00e9journer au camping Bel air Village Le Pr\u00e9, c&#8217;est opter pour un lieu o\u00f9 vos vacances riment avec respect de la nature et actions concr\u00e8tes pour la pr\u00e9servation de notre bel environnement. Invitons ensemble les g\u00e9n\u00e9rations futures \u00e0 jouir de la beaut\u00e9 et de la s\u00e9r\u00e9nit\u00e9 de notre r\u00e9gion, tout en d\u00e9montrant qu\u2019il est possible d\u2019<strong>allier confort et conscience environnementale<\/strong>. Explorez davantage nos initiatives et s\u00e9journez dans notre <a href=\"https:\/\/campinglespresduverdon.com\/en\/\">camping engag\u00e9 Bel air Village Le Pr\u00e9<\/a> pour un <strong>tourisme responsable et vert<\/strong> au c\u0153ur de l&#8217;Auvergne.<\/p>\n<\/div>\n<\/div>\n<\/div>\n<\/div>\n\n<div class=\"wp-block-group overflow-hidden has-white-color has-color-1-background-color has-text-color has-background has-link-color wp-elements-9378cc327b28b12403afd16d35167cf7 is-layout-constrained wp-block-group-is-layout-constrained\" style=\"margin-top:0;padding-top:var(--wp--preset--spacing--80);padding-bottom:var(--wp--preset--spacing--70)\">\n<div class=\"wp-block-group alignfull scale-11 is-layout-flow wp-block-group-is-layout-flow\">\n<div class=\"wp-block-group rellax-2 alignfull is-layout-flow wp-block-group-is-layout-flow\">\n<figure class=\"wp-block-image size-full is-style-gt-bg-image-center-center alignfull opacity-8 m-t-10\"><img decoding=\"async\" width=\"1200\" height=\"801\" sizes=\"(max-width: min(calc(100% - 15vw), 1200px)) 100vw, min(calc(100% - 15vw), 1200px)\" src=\"https:\/\/campinglespresduverdon.com\/wp-content\/uploads\/sites\/60\/2023\/10\/vue-pano-proche-puy-de-dome.webp\" alt=\"pano view near puy de dome\" class=\"wp-image-6874\" srcset=\"http:\/\/campinglespresduverdon.com\/wp-content\/uploads\/sites\/60\/2023\/10\/vue-pano-proche-puy-de-dome.webp 1200w, http:\/\/campinglespresduverdon.com\/wp-content\/uploads\/sites\/60\/2023\/10\/vue-pano-proche-puy-de-dome-300x200.webp 300w, http:\/\/campinglespresduverdon.com\/wp-content\/uploads\/sites\/60\/2023\/10\/vue-pano-proche-puy-de-dome-1024x684.webp 1024w, http:\/\/campinglespresduverdon.com\/wp-content\/uploads\/sites\/60\/2023\/10\/vue-pano-proche-puy-de-dome-768x513.webp 768w\" \/><\/figure>\n<\/div>\n<\/div>\n\n\n\n<div class=\"wp-block-group alignwide z-index-1 is-layout-constrained wp-container-core-group-is-layout-cd1a190e wp-block-group-is-layout-constrained\">\n<h2 class=\"wp-block-heading has-text-align-center shadowed o-typing-slow has-white-color has-text-color has-ursula-font-family\" style=\"margin-top:var(--wp--preset--spacing--70)\">Local economy in the spotlight at the camping site near Murol<\/h2>\n\n\n\n<div class=\"wp-block-group is-content-justification-center is-layout-constrained wp-container-core-group-is-layout-1557714b wp-block-group-is-layout-constrained\">\n<hr class=\"wp-block-separator has-text-color has-link-color-color has-alpha-channel-opacity has-link-color-background-color has-background\" \/>\n<\/div>\n\n\n\n<div style=\"height:1rem\" aria-hidden=\"true\" class=\"wp-block-spacer\"><\/div>\n\n\n\n<div class=\"wp-block-columns is-layout-flex wp-container-core-columns-is-layout-28f84493 wp-block-columns-is-layout-flex\">\n<div class=\"wp-block-column is-layout-flow wp-block-column-is-layout-flow\">\n<p>At Camping Bel air Village Le Pr\u00e9, our commitment is not limited to offering environmentally-friendly vacations, but also extends to vigorously supporting our beautiful <strong>local economy<\/strong>.  <\/p>\n\n\n\n<p>We proudly collaborate with <strong>local players<\/strong> to enrich your stay and simultaneously contribute to the development of our community. Every Tuesday evening <a href=\"https:\/\/pizzajocejeff.jimdofree.com\/\" target=\"_blank\" rel=\"noreferrer noopener\">\n  <strong>pizza truck Joce &amp; Jeff<\/strong>\n<\/a>a local company, treats our customers to their delicious home-made pizzas. Every morning, a local <strong>baker<\/strong> supplies a <strong>bread dispenser<\/strong> located just 100 m from the entrance to the camping site. Guaranteed fresh bread for your family breakfasts!<\/p>\n<\/div>\n\n\n\n<div class=\"wp-block-column is-layout-flow wp-block-column-is-layout-flow\">\n<p>Although we don&#8217;t have a snack bar on site, we do provide a <strong>truck dedicated to soft drinks<\/strong>. For your activities and discoveries, the reception area is full of leaflets and displays highlighting <strong>local nuggets to explore and discover during your stay<\/strong>.  <\/p>\n\n\n\n<p>Choosing our camping means opting for a vacation that <strong>takes care of you, the environment and our beautiful<\/strong> Puy-de-D\u00f4me region. Enjoy, explore and support local authenticity and know-how in a <strong>friendly, responsible spirit<\/strong>.<\/p>\n<\/div>\n<\/div>\n\n\n\n<div style=\"height:3rem\" aria-hidden=\"true\" class=\"wp-block-spacer\"><\/div>\n<\/div>\n<\/div>\n\n<div class=\"wp-block-group overflow-visible has-background is-layout-constrained wp-container-core-group-is-layout-612028c2 wp-block-group-is-layout-constrained\" style=\"border-top-color:var(--wp--preset--color--white);border-top-width:12rem;border-right-color:var(--wp--preset--color--white);border-bottom-color:var(--wp--preset--color--white);border-left-color:var(--wp--preset--color--white);background:linear-gradient(174deg,rgb(255,255,255) 29%,rgb(222,232,222) 29%);margin-top:0rem;margin-bottom:0;padding-top:var(--wp--preset--spacing--80);padding-bottom:8rem\">\n<h2 class=\"wp-block-heading has-text-align-center z-index-3 position-relative m-n-t-20 animated fadeInUp\">Discover our locations, rentals and services  <\/h2>\n\n\n\r\n<div \r\n     \r\n    class=\"gt-maillage-block\" \r\n    style=\"\"\r\n>\r\n\r\n    \r\n        \r\n        <article \r\n    class=\"gt-cta gt-cta--page\" \r\n    style=\"aspect-ratio:1\/1\"\r\n>\r\n    <a href=\"http:\/\/campinglespresduverdon.com\/en\/pitch-rental-quinson-verdon\/\" title=\"Our pitches\" class=\"gt-cta__link\">\r\n        <div class=\"gt-cta__thumb\">\r\n                            <img decoding=\"async\" width=\"1900\" height=\"700\" src=\"http:\/\/campinglespresduverdon.com\/wp-content\/uploads\/sites\/60\/2023\/10\/nos-emplacements-camping-le-pre.webp\" class=\"attachment-full size-full wp-post-image\" alt=\"our pitches at camping bel air Village les pres du verdon\" srcset=\"http:\/\/campinglespresduverdon.com\/wp-content\/uploads\/sites\/60\/2023\/10\/nos-emplacements-camping-le-pre.webp 1900w, http:\/\/campinglespresduverdon.com\/wp-content\/uploads\/sites\/60\/2023\/10\/nos-emplacements-camping-le-pre-300x111.webp 300w, http:\/\/campinglespresduverdon.com\/wp-content\/uploads\/sites\/60\/2023\/10\/nos-emplacements-camping-le-pre-1024x377.webp 1024w, http:\/\/campinglespresduverdon.com\/wp-content\/uploads\/sites\/60\/2023\/10\/nos-emplacements-camping-le-pre-768x283.webp 768w, http:\/\/campinglespresduverdon.com\/wp-content\/uploads\/sites\/60\/2023\/10\/nos-emplacements-camping-le-pre-1536x566.webp 1536w\" sizes=\"(max-width: 1900px) 100vw, 1900px\" \/>                    <\/div>\r\n        <div class=\"gt-cta__content\">\r\n            <div class=\"gt-cta__title\">\r\n                Our pitches            <\/div>\r\n        <\/div>\r\n    <\/a>\r\n<\/article>\r\n    \r\n        <article \r\n    class=\"gt-cta gt-cta--page\" \r\n    style=\"aspect-ratio:1\/1\"\r\n>\r\n    <a href=\"http:\/\/campinglespresduverdon.com\/en\/cottage-rental-quinson-verdon\/\" title=\"Our accommodations\" class=\"gt-cta__link\">\r\n        <div class=\"gt-cta__thumb\">\r\n                            <img decoding=\"async\" width=\"900\" height=\"600\" src=\"http:\/\/campinglespresduverdon.com\/wp-content\/uploads\/sites\/60\/2024\/01\/20.webp\" class=\"attachment-full size-full wp-post-image\" alt=\"mobile home rentals camping bel air Village les pres du verdon\" srcset=\"http:\/\/campinglespresduverdon.com\/wp-content\/uploads\/sites\/60\/2024\/01\/20.webp 900w, http:\/\/campinglespresduverdon.com\/wp-content\/uploads\/sites\/60\/2024\/01\/20-300x200.webp 300w, http:\/\/campinglespresduverdon.com\/wp-content\/uploads\/sites\/60\/2024\/01\/20-768x512.webp 768w\" sizes=\"(max-width: 900px) 100vw, 900px\" \/>                    <\/div>\r\n        <div class=\"gt-cta__content\">\r\n            <div class=\"gt-cta__title\">\r\n                Our accommodations            <\/div>\r\n        <\/div>\r\n    <\/a>\r\n<\/article>\r\n    \r\n        <article \r\n    class=\"gt-cta gt-cta--page\" \r\n    style=\"aspect-ratio:1\/1\"\r\n>\r\n    <a href=\"http:\/\/campinglespresduverdon.com\/en\/services-et-activites-du-camping-quinson\/\" title=\"Services &amp; activities\" class=\"gt-cta__link\">\r\n        <div class=\"gt-cta__thumb\">\r\n                            <img decoding=\"async\" width=\"2048\" height=\"1365\" src=\"http:\/\/campinglespresduverdon.com\/wp-content\/uploads\/sites\/60\/2025\/12\/LPV-INT-ACCUEIL-14.09.2024-scaled.jpg\" class=\"attachment-full size-full not-transparent wp-post-image\" alt=\"LPV INT HOME 14.09.2024\" srcset=\"http:\/\/campinglespresduverdon.com\/wp-content\/uploads\/sites\/60\/2025\/12\/LPV-INT-ACCUEIL-14.09.2024-scaled.jpg 2048w, http:\/\/campinglespresduverdon.com\/wp-content\/uploads\/sites\/60\/2025\/12\/LPV-INT-ACCUEIL-14.09.2024-300x200.jpg 300w, http:\/\/campinglespresduverdon.com\/wp-content\/uploads\/sites\/60\/2025\/12\/LPV-INT-ACCUEIL-14.09.2024-1024x683.jpg 1024w, http:\/\/campinglespresduverdon.com\/wp-content\/uploads\/sites\/60\/2025\/12\/LPV-INT-ACCUEIL-14.09.2024-768x512.jpg 768w, http:\/\/campinglespresduverdon.com\/wp-content\/uploads\/sites\/60\/2025\/12\/LPV-INT-ACCUEIL-14.09.2024-1536x1024.jpg 1536w\" sizes=\"(max-width: 2048px) 100vw, 2048px\" data-has-transparency=\"false\" data-dominant-color=\"b3b1af\" style=\"--dominant-color: #b3b1af;\" \/>                    <\/div>\r\n        <div class=\"gt-cta__content\">\r\n            <div class=\"gt-cta__title\">\r\n                Services &amp; activities            <\/div>\r\n        <\/div>\r\n    <\/a>\r\n<\/article>\r\n            \r\n<\/div><\/div>\n","protected":false},"excerpt":{"rendered":"<p>Environmentally-friendly camping in Puy-de-D\u00f4me The camping&#8217;s ecological approach Our Bel air Village Le Pr\u00e9 campsite, nestled in the natural setting of the Puy-de-D\u00f4me, not far from Murol, is committed every day to preserving our sublime environment. We make it a point of honor to introduce practical, everyday practices that respect our natural environment. In this [&hellip;]<\/p>\n","protected":false},"author":1,"featured_media":6942,"parent":0,"menu_order":15,"comment_status":"closed","ping_status":"closed","template":"","meta":{"_acf_changed":false,"footnotes":""},"class_list":["post-7074","page","type-page","status-publish","has-post-thumbnail","hentry"],"acf":[],"yoast_head":"<!-- This site is optimized with the Yoast SEO plugin v24.8.1 - https:\/\/yoast.com\/wordpress\/plugins\/seo\/ -->\n<title>Camping Puy-de-D\u00f4me, an environmentally committed campsite<\/title>\n<meta name=\"description\" content=\"Enjoy a natural and responsible vacation at your Bel air Village Le Pr\u00e9 camping site near Murol in Auvergne-Rh\u00f4ne-Alpes.\" \/>\n<meta name=\"robots\" content=\"index, follow, max-snippet:-1, max-image-preview:large, max-video-preview:-1\" \/>\n<link rel=\"canonical\" href=\"http:\/\/campinglespresduverdon.com\/en\/camping-commitments-montaigut-le-blanc\/\" \/>\n<meta property=\"og:locale\" content=\"en_US\" \/>\n<meta property=\"og:type\" content=\"article\" \/>\n<meta property=\"og:title\" content=\"Camping Puy-de-D\u00f4me, an environmentally committed campsite\" \/>\n<meta property=\"og:description\" content=\"Enjoy a natural and responsible vacation at your Bel air Village Le Pr\u00e9 camping site near Murol in Auvergne-Rh\u00f4ne-Alpes.\" \/>\n<meta property=\"og:url\" content=\"http:\/\/campinglespresduverdon.com\/en\/camping-commitments-montaigut-le-blanc\/\" \/>\n<meta property=\"og:site_name\" content=\"Camping Bel air Village Les Pr\u00e9s du Verdon - Site Officiel - Meilleur Prix Garanti\" \/>\n<meta property=\"article:modified_time\" content=\"2024-05-31T08:01:36+00:00\" \/>\n<meta property=\"og:image\" content=\"http:\/\/campinglespresduverdon.com\/wp-content\/uploads\/sites\/60\/2023\/10\/engagement-ecologique-camping-le-pre.webp\" \/>\n\t<meta property=\"og:image:width\" content=\"1900\" \/>\n\t<meta property=\"og:image:height\" content=\"700\" \/>\n\t<meta property=\"og:image:type\" content=\"image\/webp\" \/>\n<meta name=\"twitter:card\" content=\"summary_large_image\" \/>\n<meta name=\"twitter:label1\" content=\"Est. reading time\" \/>\n\t<meta name=\"twitter:data1\" content=\"2 minutes\" \/>\n<script type=\"application\/ld+json\" class=\"yoast-schema-graph\">{\"@context\":\"https:\/\/schema.org\",\"@graph\":[{\"@type\":\"WebPage\",\"@id\":\"http:\/\/campinglespresduverdon.com\/en\/camping-commitments-montaigut-le-blanc\/\",\"url\":\"http:\/\/campinglespresduverdon.com\/en\/camping-commitments-montaigut-le-blanc\/\",\"name\":\"Camping Puy-de-D\u00f4me, an environmentally committed campsite\",\"isPartOf\":{\"@id\":\"https:\/\/campinglespresduverdon.com\/en\/#website\"},\"primaryImageOfPage\":{\"@id\":\"http:\/\/campinglespresduverdon.com\/en\/camping-commitments-montaigut-le-blanc\/#primaryimage\"},\"image\":{\"@id\":\"http:\/\/campinglespresduverdon.com\/en\/camping-commitments-montaigut-le-blanc\/#primaryimage\"},\"thumbnailUrl\":\"http:\/\/campinglespresduverdon.com\/wp-content\/uploads\/sites\/60\/2023\/10\/engagement-ecologique-camping-le-pre.webp\",\"datePublished\":\"2023-10-18T13:57:08+00:00\",\"dateModified\":\"2024-05-31T08:01:36+00:00\",\"description\":\"Enjoy a natural and responsible vacation at your Bel air Village Le Pr\u00e9 camping site near Murol in Auvergne-Rh\u00f4ne-Alpes.\",\"breadcrumb\":{\"@id\":\"http:\/\/campinglespresduverdon.com\/en\/camping-commitments-montaigut-le-blanc\/#breadcrumb\"},\"inLanguage\":\"en-US\",\"potentialAction\":[{\"@type\":\"ReadAction\",\"target\":[\"http:\/\/campinglespresduverdon.com\/en\/camping-commitments-montaigut-le-blanc\/\"]}]},{\"@type\":\"ImageObject\",\"inLanguage\":\"en-US\",\"@id\":\"http:\/\/campinglespresduverdon.com\/en\/camping-commitments-montaigut-le-blanc\/#primaryimage\",\"url\":\"http:\/\/campinglespresduverdon.com\/wp-content\/uploads\/sites\/60\/2023\/10\/engagement-ecologique-camping-le-pre.webp\",\"contentUrl\":\"http:\/\/campinglespresduverdon.com\/wp-content\/uploads\/sites\/60\/2023\/10\/engagement-ecologique-camping-le-pre.webp\",\"width\":1900,\"height\":700,\"caption\":\"ecological commitment camping le pre\"},{\"@type\":\"BreadcrumbList\",\"@id\":\"http:\/\/campinglespresduverdon.com\/en\/camping-commitments-montaigut-le-blanc\/#breadcrumb\",\"itemListElement\":[{\"@type\":\"ListItem\",\"position\":1,\"name\":\"Home\",\"item\":\"http:\/\/campinglespresduverdon.com\/en\/\"},{\"@type\":\"ListItem\",\"position\":2,\"name\":\"Commitments of camping Bel air Village Le Pr\u00e9 near Murol\"}]},{\"@type\":\"WebSite\",\"@id\":\"https:\/\/campinglespresduverdon.com\/en\/#website\",\"url\":\"https:\/\/campinglespresduverdon.com\/en\/\",\"name\":\"Camping Bel air Village Les Pr\u00e9s du Verdon - Site Officiel - Meilleur Prix Garanti\",\"description\":\"\",\"publisher\":{\"@id\":\"https:\/\/campinglespresduverdon.com\/en\/#organization\"},\"potentialAction\":[{\"@type\":\"SearchAction\",\"target\":{\"@type\":\"EntryPoint\",\"urlTemplate\":\"https:\/\/campinglespresduverdon.com\/en\/?s={search_term_string}\"},\"query-input\":{\"@type\":\"PropertyValueSpecification\",\"valueRequired\":true,\"valueName\":\"search_term_string\"}}],\"inLanguage\":\"en-US\"},{\"@type\":\"Organization\",\"@id\":\"https:\/\/campinglespresduverdon.com\/en\/#organization\",\"name\":\"Camping Bel air Village Les Pr\u00e9s du Verdon - Site Officiel - Meilleur Prix Garanti\",\"url\":\"https:\/\/campinglespresduverdon.com\/en\/\",\"logo\":{\"@type\":\"ImageObject\",\"inLanguage\":\"en-US\",\"@id\":\"https:\/\/campinglespresduverdon.com\/en\/#\/schema\/logo\/image\/\",\"url\":\"http:\/\/campinglespresduverdon.com\/wp-content\/uploads\/sites\/60\/2024\/01\/LOGO-BEL-AIR-LES-PRES-DU-VERDON-3-2.png\",\"contentUrl\":\"http:\/\/campinglespresduverdon.com\/wp-content\/uploads\/sites\/60\/2024\/01\/LOGO-BEL-AIR-LES-PRES-DU-VERDON-3-2.png\",\"width\":2048,\"height\":788,\"caption\":\"Camping Bel air Village Les Pr\u00e9s du Verdon - Site Officiel - Meilleur Prix Garanti\"},\"image\":{\"@id\":\"https:\/\/campinglespresduverdon.com\/en\/#\/schema\/logo\/image\/\"}}]}<\/script>\n<!-- \/ Yoast SEO plugin. -->","yoast_head_json":{"title":"Camping Puy-de-D\u00f4me, an environmentally committed campsite","description":"Enjoy a natural and responsible vacation at your Bel air Village Le Pr\u00e9 camping site near Murol in Auvergne-Rh\u00f4ne-Alpes.","robots":{"index":"index","follow":"follow","max-snippet":"max-snippet:-1","max-image-preview":"max-image-preview:large","max-video-preview":"max-video-preview:-1"},"canonical":"http:\/\/campinglespresduverdon.com\/en\/camping-commitments-montaigut-le-blanc\/","og_locale":"en_US","og_type":"article","og_title":"Camping Puy-de-D\u00f4me, an environmentally committed campsite","og_description":"Enjoy a natural and responsible vacation at your Bel air Village Le Pr\u00e9 camping site near Murol in Auvergne-Rh\u00f4ne-Alpes.","og_url":"http:\/\/campinglespresduverdon.com\/en\/camping-commitments-montaigut-le-blanc\/","og_site_name":"Camping Bel air Village Les Pr\u00e9s du Verdon - Site Officiel - Meilleur Prix Garanti","article_modified_time":"2024-05-31T08:01:36+00:00","og_image":[{"width":1900,"height":700,"url":"http:\/\/campinglespresduverdon.com\/wp-content\/uploads\/sites\/60\/2023\/10\/engagement-ecologique-camping-le-pre.webp","type":"image\/webp"}],"twitter_card":"summary_large_image","twitter_misc":{"Est. reading time":"2 minutes"},"schema":{"@context":"https:\/\/schema.org","@graph":[{"@type":"WebPage","@id":"http:\/\/campinglespresduverdon.com\/en\/camping-commitments-montaigut-le-blanc\/","url":"http:\/\/campinglespresduverdon.com\/en\/camping-commitments-montaigut-le-blanc\/","name":"Camping Puy-de-D\u00f4me, an environmentally committed campsite","isPartOf":{"@id":"https:\/\/campinglespresduverdon.com\/en\/#website"},"primaryImageOfPage":{"@id":"http:\/\/campinglespresduverdon.com\/en\/camping-commitments-montaigut-le-blanc\/#primaryimage"},"image":{"@id":"http:\/\/campinglespresduverdon.com\/en\/camping-commitments-montaigut-le-blanc\/#primaryimage"},"thumbnailUrl":"http:\/\/campinglespresduverdon.com\/wp-content\/uploads\/sites\/60\/2023\/10\/engagement-ecologique-camping-le-pre.webp","datePublished":"2023-10-18T13:57:08+00:00","dateModified":"2024-05-31T08:01:36+00:00","description":"Enjoy a natural and responsible vacation at your Bel air Village Le Pr\u00e9 camping site near Murol in Auvergne-Rh\u00f4ne-Alpes.","breadcrumb":{"@id":"http:\/\/campinglespresduverdon.com\/en\/camping-commitments-montaigut-le-blanc\/#breadcrumb"},"inLanguage":"en-US","potentialAction":[{"@type":"ReadAction","target":["http:\/\/campinglespresduverdon.com\/en\/camping-commitments-montaigut-le-blanc\/"]}]},{"@type":"ImageObject","inLanguage":"en-US","@id":"http:\/\/campinglespresduverdon.com\/en\/camping-commitments-montaigut-le-blanc\/#primaryimage","url":"http:\/\/campinglespresduverdon.com\/wp-content\/uploads\/sites\/60\/2023\/10\/engagement-ecologique-camping-le-pre.webp","contentUrl":"http:\/\/campinglespresduverdon.com\/wp-content\/uploads\/sites\/60\/2023\/10\/engagement-ecologique-camping-le-pre.webp","width":1900,"height":700,"caption":"ecological commitment camping le pre"},{"@type":"BreadcrumbList","@id":"http:\/\/campinglespresduverdon.com\/en\/camping-commitments-montaigut-le-blanc\/#breadcrumb","itemListElement":[{"@type":"ListItem","position":1,"name":"Home","item":"http:\/\/campinglespresduverdon.com\/en\/"},{"@type":"ListItem","position":2,"name":"Commitments of camping Bel air Village Le Pr\u00e9 near Murol"}]},{"@type":"WebSite","@id":"https:\/\/campinglespresduverdon.com\/en\/#website","url":"https:\/\/campinglespresduverdon.com\/en\/","name":"Camping Bel air Village Les Pr\u00e9s du Verdon - Site Officiel - Meilleur Prix Garanti","description":"","publisher":{"@id":"https:\/\/campinglespresduverdon.com\/en\/#organization"},"potentialAction":[{"@type":"SearchAction","target":{"@type":"EntryPoint","urlTemplate":"https:\/\/campinglespresduverdon.com\/en\/?s={search_term_string}"},"query-input":{"@type":"PropertyValueSpecification","valueRequired":true,"valueName":"search_term_string"}}],"inLanguage":"en-US"},{"@type":"Organization","@id":"https:\/\/campinglespresduverdon.com\/en\/#organization","name":"Camping Bel air Village Les Pr\u00e9s du Verdon - Site Officiel - Meilleur Prix Garanti","url":"https:\/\/campinglespresduverdon.com\/en\/","logo":{"@type":"ImageObject","inLanguage":"en-US","@id":"https:\/\/campinglespresduverdon.com\/en\/#\/schema\/logo\/image\/","url":"http:\/\/campinglespresduverdon.com\/wp-content\/uploads\/sites\/60\/2024\/01\/LOGO-BEL-AIR-LES-PRES-DU-VERDON-3-2.png","contentUrl":"http:\/\/campinglespresduverdon.com\/wp-content\/uploads\/sites\/60\/2024\/01\/LOGO-BEL-AIR-LES-PRES-DU-VERDON-3-2.png","width":2048,"height":788,"caption":"Camping Bel air Village Les Pr\u00e9s du Verdon - Site Officiel - Meilleur Prix Garanti"},"image":{"@id":"https:\/\/campinglespresduverdon.com\/en\/#\/schema\/logo\/image\/"}}]}},"_links":{"self":[{"href":"http:\/\/campinglespresduverdon.com\/en\/wp-json\/wp\/v2\/pages\/7074","targetHints":{"allow":["GET"]}}],"collection":[{"href":"http:\/\/campinglespresduverdon.com\/en\/wp-json\/wp\/v2\/pages"}],"about":[{"href":"http:\/\/campinglespresduverdon.com\/en\/wp-json\/wp\/v2\/types\/page"}],"author":[{"embeddable":true,"href":"http:\/\/campinglespresduverdon.com\/en\/wp-json\/wp\/v2\/users\/1"}],"replies":[{"embeddable":true,"href":"http:\/\/campinglespresduverdon.com\/en\/wp-json\/wp\/v2\/comments?post=7074"}],"version-history":[{"count":4,"href":"http:\/\/campinglespresduverdon.com\/en\/wp-json\/wp\/v2\/pages\/7074\/revisions"}],"predecessor-version":[{"id":472152,"href":"http:\/\/campinglespresduverdon.com\/en\/wp-json\/wp\/v2\/pages\/7074\/revisions\/472152"}],"wp:featuredmedia":[{"embeddable":true,"href":"http:\/\/campinglespresduverdon.com\/en\/wp-json\/wp\/v2\/media\/6942"}],"wp:attachment":[{"href":"http:\/\/campinglespresduverdon.com\/en\/wp-json\/wp\/v2\/media?parent=7074"}],"curies":[{"name":"wp","href":"https:\/\/api.w.org\/{rel}","templated":true}]}}